{"id":106,"date":"2019-04-28T12:13:16","date_gmt":"2019-04-28T15:13:16","guid":{"rendered":"http:\/\/127.0.0.1\/?page_id=106"},"modified":"2022-02-03T19:23:10","modified_gmt":"2022-02-03T22:23:10","slug":"diretorias","status":"publish","type":"page","link":"https:\/\/www.aocbmma.com.br\/index.php\/institucional\/diretorias\/","title":{"rendered":"Diretorias"},"content":{"rendered":"<div class=\"row\">\n<div id=\"conteudo\" class=\"col-10 offset-1\">\n<div class=\"row mt-5\">\n<div class=\"col-sm-12 col-lg-6\">\n                <img loading=\"lazy\" decoding=\"async\" src=\"https:\/\/www.aocbmma.com.br\/wp-content\/uploads\/2022\/02\/major-lisboa-249x300.jpg\" alt=\"\"\n                    width=\"249\" height=\"300\" class=\"rounded mx-auto d-block\" \/><\/p>\n<p class=\"text-center\">MAJOR LISBOA<br \/>PRESIDENTE<\/p>\n<\/p><\/div>\n<div class=\"col-sm-12 col-lg-6\">\n                <img loading=\"lazy\" decoding=\"async\" src=\"https:\/\/www.aocbmma.com.br\/wp-content\/uploads\/2019\/04\/avatar-gestao.png\" alt=\"\" width=\"179\"\n                    height=\"229\" class=\"rounded mx-auto d-block\" \/><\/p>\n<p class=\"text-center\">MAJOR JEFFERSON<br \/>VICE-PRESIDENTE<\/p>\n<\/p><\/div>\n<\/p><\/div>\n<div class=\"row mt-5\">\n<div class=\"col-sm-12 col-lg-6\">\n                <img loading=\"lazy\" decoding=\"async\" src=\"https:\/\/www.aocbmma.com.br\/wp-content\/uploads\/2022\/02\/cel-francisco-279x300.jpg\" alt=\"\"\n                    width=\"279\" height=\"300\" class=\"rounded mx-auto d-block\" \/><\/p>\n<p class=\"text-center\">CORONEL FRANCISCO<br \/>DIRETOR SOCIAL<\/p>\n<\/p><\/div>\n<div class=\"col-sm-12 col-lg-6\">\n                <img loading=\"lazy\" decoding=\"async\" src=\"https:\/\/www.aocbmma.com.br\/wp-content\/uploads\/2019\/04\/avatar-gestao.png\" alt=\"\" width=\"179\"\n                height=\"229\" class=\"rounded mx-auto d-block\" \/><\/p>\n<p class=\"text-center\">TENENTE-CORONEL CLEYTON<br \/>DIRETOR JUR\u00cdDICO<\/p>\n<\/p><\/div>\n<\/p><\/div>\n<div class=\"row mt-5\">\n<div class=\"col-sm-12 col-lg-6\">\n                <img loading=\"lazy\" decoding=\"async\" src=\"https:\/\/www.aocbmma.com.br\/wp-content\/uploads\/2019\/04\/avatar-gestao.png\" alt=\"\" width=\"179\"\n                height=\"229\" class=\"rounded mx-auto d-block\" \/><\/p>\n<p class=\"text-center\">TENENTE-CORONEL MARCO AUR\u00c9LIO<br \/>DIRETOR JUR\u00cdDICO\n                <\/p>\n<\/p><\/div>\n<div class=\"col-sm-12 col-lg-6\">\n                <img loading=\"lazy\" decoding=\"async\" src=\"https:\/\/www.aocbmma.com.br\/wp-content\/uploads\/2019\/04\/avatar-gestao.png\" alt=\"\" width=\"179\"\n                height=\"229\" class=\"rounded mx-auto d-block\" \/><\/p>\n<p class=\"text-center\">MAJOR THIAGO<br \/>DIRETOR TESOUREIRO 1<\/p>\n<\/p><\/div>\n<\/p><\/div>\n<div class=\"row mt-5\">\n<div class=\"col-sm-12 col-lg-6\">\n                <img loading=\"lazy\" decoding=\"async\" src=\"https:\/\/www.aocbmma.com.br\/wp-content\/uploads\/2019\/04\/avatar-gestao.png\" alt=\"\" width=\"179\"\n                height=\"229\" class=\"rounded mx-auto d-block\" \/><\/p>\n<p class=\"text-center\">MAJOR LEUDO<br \/>DIRETOR ESPORTIVO<\/p>\n<\/p><\/div>\n<div class=\"col-sm-12 col-lg-6\">\n                <img loading=\"lazy\" decoding=\"async\" src=\"https:\/\/www.aocbmma.com.br\/wp-content\/uploads\/2019\/04\/avatar-gestao.png\" alt=\"\" width=\"179\"\n                height=\"229\" class=\"rounded mx-auto d-block\" \/><\/p>\n<p class=\"text-center\">MAJOR DAMASCENO<br \/>DIRETOR ADJUNTO 1<\/p>\n<\/p><\/div>\n<\/p><\/div>\n<div class=\"row mt-5\">\n<div class=\"col-sm-12 col-lg-6\">\n                <img loading=\"lazy\" decoding=\"async\" src=\"https:\/\/www.aocbmma.com.br\/wp-content\/uploads\/2019\/04\/avatar-gestao.png\" alt=\"\" width=\"179\"\n                height=\"229\" class=\"rounded mx-auto d-block\" \/><\/p>\n<p class=\"text-center\">CAPIT\u00c3O MARTINS<br \/>DIRETOR ADJUNTO 2<\/p>\n<\/p><\/div>\n<div class=\"col-sm-12 col-lg-6\">\n                <img loading=\"lazy\" decoding=\"async\" src=\"https:\/\/www.aocbmma.com.br\/wp-content\/uploads\/2019\/04\/avatar-gestao.png\" alt=\"\" width=\"179\"\n                height=\"229\" class=\"rounded mx-auto d-block\" \/><\/p>\n<p class=\"text-center\">TENENTE GILBERTO<br \/>DIRETOR SECRET\u00c1RIO<\/p>\n<\/p><\/div>\n<\/p><\/div>\n<div class=\"row mt-5\">\n<div class=\"col-sm-12 col-lg-6\">\n                <img loading=\"lazy\" decoding=\"async\" src=\"https:\/\/www.aocbmma.com.br\/wp-content\/uploads\/2022\/02\/tenente-welligton.jpg\" alt=\"\"\n                    width=\"230\" height=\"268\" class=\"rounded mx-auto d-block\" \/><\/p>\n<p class=\"text-center\">TENENTE WELLIGNTON<br \/>DIRETOR ADMINISTRATIVO<\/p>\n<\/p><\/div>\n<div class=\"col-sm-12 col-lg-6\">\n                <img loading=\"lazy\" decoding=\"async\" src=\"https:\/\/www.aocbmma.com.br\/wp-content\/uploads\/2019\/04\/avatar-gestao.png\" alt=\"\" width=\"179\"\n                height=\"229\" class=\"rounded mx-auto d-block\" \/><\/p>\n<p class=\"text-center\">TENENTE CASTRO<br \/>DIRETOR TESOUREIRO 2<\/p>\n<\/p><\/div>\n<\/p><\/div>\n<\/p><\/div>\n<\/div>\n","protected":false},"excerpt":{"rendered":"<p>MAJOR LISBOAPRESIDENTE MAJOR JEFFERSONVICE-PRESIDENTE CORONEL FRANCISCODIRETOR SOCIAL TENENTE-CORONEL CLEYTONDIRETOR JUR\u00cdDICO TENENTE-CORONEL MARCO AUR\u00c9LIODIRETOR JUR\u00cdDICO MAJOR THIAGODIRETOR TESOUREIRO 1 MAJOR LEUDODIRETOR ESPORTIVO MAJOR DAMASCENODIRETOR ADJUNTO 1 CAPIT\u00c3O MARTINSDIRETOR ADJUNTO 2 TENENTE GILBERTODIRETOR SECRET\u00c1RIO TENENTE WELLIGNTONDIRETOR ADMINISTRATIVO TENENTE CASTRODIRETOR TESOUREIRO 2<\/p>\n","protected":false},"author":1,"featured_media":0,"parent":66,"menu_order":8,"comment_status":"closed","ping_status":"closed","template":"","meta":{"om_disable_all_campaigns":false,"_monsterinsights_skip_tracking":false,"_monsterinsights_sitenote_active":false,"_monsterinsights_sitenote_note":"","_monsterinsights_sitenote_category":0,"footnotes":""},"class_list":["post-106","page","type-page","status-publish","hentry"],"aioseo_notices":[],"yoast_head":"<!-- This site is optimized with the Yoast SEO plugin v27.4 - https:\/\/yoast.com\/product\/yoast-seo-wordpress\/ -->\n<title>Diretorias | AOCBMMA | Associa\u00e7\u00e3o dos Oficiais do Corpo de Bombeiros Militar do Maranh\u00e3o<\/title>\n<meta name=\"robots\" content=\"index, follow, max-snippet:-1, max-image-preview:large, max-video-preview:-1\" \/>\n<link rel=\"canonical\" href=\"https:\/\/www.aocbmma.com.br\/index.php\/institucional\/diretorias\/\" \/>\n<meta property=\"og:locale\" content=\"pt_BR\" \/>\n<meta property=\"og:type\" content=\"article\" \/>\n<meta property=\"og:title\" content=\"Diretorias | AOCBMMA | Associa\u00e7\u00e3o dos Oficiais do Corpo de Bombeiros Militar do Maranh\u00e3o\" \/>\n<meta property=\"og:description\" content=\"MAJOR LISBOAPRESIDENTE MAJOR JEFFERSONVICE-PRESIDENTE CORONEL FRANCISCODIRETOR SOCIAL TENENTE-CORONEL CLEYTONDIRETOR JUR\u00cdDICO TENENTE-CORONEL MARCO AUR\u00c9LIODIRETOR JUR\u00cdDICO MAJOR THIAGODIRETOR TESOUREIRO 1 MAJOR LEUDODIRETOR ESPORTIVO MAJOR DAMASCENODIRETOR ADJUNTO 1 CAPIT\u00c3O MARTINSDIRETOR ADJUNTO 2 TENENTE GILBERTODIRETOR SECRET\u00c1RIO TENENTE WELLIGNTONDIRETOR ADMINISTRATIVO TENENTE CASTRODIRETOR TESOUREIRO 2\" \/>\n<meta property=\"og:url\" content=\"https:\/\/www.aocbmma.com.br\/index.php\/institucional\/diretorias\/\" \/>\n<meta property=\"og:site_name\" content=\"AOCBMMA | Associa\u00e7\u00e3o dos Oficiais do Corpo de Bombeiros Militar do Maranh\u00e3o\" \/>\n<meta property=\"article:publisher\" content=\"https:\/\/www.facebook.com\/cobm.ma\" \/>\n<meta property=\"article:modified_time\" content=\"2022-02-03T22:23:10+00:00\" \/>\n<meta property=\"og:image\" content=\"https:\/\/www.aocbmma.com.br\/wp-content\/uploads\/2022\/02\/major-lisboa-249x300.jpg\" \/>\n<meta name=\"twitter:card\" content=\"summary_large_image\" \/>\n<script type=\"application\/ld+json\" class=\"yoast-schema-graph\">{\"@context\":\"https:\\\/\\\/schema.org\",\"@graph\":[{\"@type\":\"WebPage\",\"@id\":\"https:\\\/\\\/www.aocbmma.com.br\\\/index.php\\\/institucional\\\/diretorias\\\/\",\"url\":\"https:\\\/\\\/www.aocbmma.com.br\\\/index.php\\\/institucional\\\/diretorias\\\/\",\"name\":\"Diretorias | AOCBMMA | Associa\u00e7\u00e3o dos Oficiais do Corpo de Bombeiros Militar do Maranh\u00e3o\",\"isPartOf\":{\"@id\":\"https:\\\/\\\/www.aocbmma.com.br\\\/#website\"},\"primaryImageOfPage\":{\"@id\":\"https:\\\/\\\/www.aocbmma.com.br\\\/index.php\\\/institucional\\\/diretorias\\\/#primaryimage\"},\"image\":{\"@id\":\"https:\\\/\\\/www.aocbmma.com.br\\\/index.php\\\/institucional\\\/diretorias\\\/#primaryimage\"},\"thumbnailUrl\":\"https:\\\/\\\/www.aocbmma.com.br\\\/wp-content\\\/uploads\\\/2022\\\/02\\\/major-lisboa-249x300.jpg\",\"datePublished\":\"2019-04-28T15:13:16+00:00\",\"dateModified\":\"2022-02-03T22:23:10+00:00\",\"breadcrumb\":{\"@id\":\"https:\\\/\\\/www.aocbmma.com.br\\\/index.php\\\/institucional\\\/diretorias\\\/#breadcrumb\"},\"inLanguage\":\"pt-BR\",\"potentialAction\":[{\"@type\":\"ReadAction\",\"target\":[\"https:\\\/\\\/www.aocbmma.com.br\\\/index.php\\\/institucional\\\/diretorias\\\/\"]}]},{\"@type\":\"ImageObject\",\"inLanguage\":\"pt-BR\",\"@id\":\"https:\\\/\\\/www.aocbmma.com.br\\\/index.php\\\/institucional\\\/diretorias\\\/#primaryimage\",\"url\":\"https:\\\/\\\/www.aocbmma.com.br\\\/wp-content\\\/uploads\\\/2022\\\/02\\\/major-lisboa.jpg\",\"contentUrl\":\"https:\\\/\\\/www.aocbmma.com.br\\\/wp-content\\\/uploads\\\/2022\\\/02\\\/major-lisboa.jpg\",\"width\":630,\"height\":758},{\"@type\":\"BreadcrumbList\",\"@id\":\"https:\\\/\\\/www.aocbmma.com.br\\\/index.php\\\/institucional\\\/diretorias\\\/#breadcrumb\",\"itemListElement\":[{\"@type\":\"ListItem\",\"position\":1,\"name\":\"In\u00edcio\",\"item\":\"https:\\\/\\\/www.aocbmma.com.br\\\/\"},{\"@type\":\"ListItem\",\"position\":2,\"name\":\"Institucional\",\"item\":\"https:\\\/\\\/www.aocbmma.com.br\\\/index.php\\\/institucional\\\/\"},{\"@type\":\"ListItem\",\"position\":3,\"name\":\"Diretorias\"}]},{\"@type\":\"WebSite\",\"@id\":\"https:\\\/\\\/www.aocbmma.com.br\\\/#website\",\"url\":\"https:\\\/\\\/www.aocbmma.com.br\\\/\",\"name\":\"AOCBMMA\",\"description\":\"\",\"publisher\":{\"@id\":\"https:\\\/\\\/www.aocbmma.com.br\\\/#organization\"},\"potentialAction\":[{\"@type\":\"SearchAction\",\"target\":{\"@type\":\"EntryPoint\",\"urlTemplate\":\"https:\\\/\\\/www.aocbmma.com.br\\\/?s={search_term_string}\"},\"query-input\":{\"@type\":\"PropertyValueSpecification\",\"valueRequired\":true,\"valueName\":\"search_term_string\"}}],\"inLanguage\":\"pt-BR\"},{\"@type\":\"Organization\",\"@id\":\"https:\\\/\\\/www.aocbmma.com.br\\\/#organization\",\"name\":\"Associa\u00e7\u00e3o dos Oficiais do Corpo de Bombeiros Militar do Maranh\u00e3o\",\"url\":\"https:\\\/\\\/www.aocbmma.com.br\\\/\",\"logo\":{\"@type\":\"ImageObject\",\"inLanguage\":\"pt-BR\",\"@id\":\"https:\\\/\\\/www.aocbmma.com.br\\\/#\\\/schema\\\/logo\\\/image\\\/\",\"url\":\"https:\\\/\\\/www.aocbmma.com.br\\\/wp-content\\\/uploads\\\/2019\\\/05\\\/brasao-grande.png\",\"contentUrl\":\"https:\\\/\\\/www.aocbmma.com.br\\\/wp-content\\\/uploads\\\/2019\\\/05\\\/brasao-grande.png\",\"width\":1154,\"height\":1155,\"caption\":\"Associa\u00e7\u00e3o dos Oficiais do Corpo de Bombeiros Militar do Maranh\u00e3o\"},\"image\":{\"@id\":\"https:\\\/\\\/www.aocbmma.com.br\\\/#\\\/schema\\\/logo\\\/image\\\/\"},\"sameAs\":[\"https:\\\/\\\/www.facebook.com\\\/cobm.ma\"]}]}<\/script>\n<!-- \/ Yoast SEO plugin. -->","yoast_head_json":{"title":"Diretorias | AOCBMMA | Associa\u00e7\u00e3o dos Oficiais do Corpo de Bombeiros Militar do Maranh\u00e3o","robots":{"index":"index","follow":"follow","max-snippet":"max-snippet:-1","max-image-preview":"max-image-preview:large","max-video-preview":"max-video-preview:-1"},"canonical":"https:\/\/www.aocbmma.com.br\/index.php\/institucional\/diretorias\/","og_locale":"pt_BR","og_type":"article","og_title":"Diretorias | AOCBMMA | Associa\u00e7\u00e3o dos Oficiais do Corpo de Bombeiros Militar do Maranh\u00e3o","og_description":"MAJOR LISBOAPRESIDENTE MAJOR JEFFERSONVICE-PRESIDENTE CORONEL FRANCISCODIRETOR SOCIAL TENENTE-CORONEL CLEYTONDIRETOR JUR\u00cdDICO TENENTE-CORONEL MARCO AUR\u00c9LIODIRETOR JUR\u00cdDICO MAJOR THIAGODIRETOR TESOUREIRO 1 MAJOR LEUDODIRETOR ESPORTIVO MAJOR DAMASCENODIRETOR ADJUNTO 1 CAPIT\u00c3O MARTINSDIRETOR ADJUNTO 2 TENENTE GILBERTODIRETOR SECRET\u00c1RIO TENENTE WELLIGNTONDIRETOR ADMINISTRATIVO TENENTE CASTRODIRETOR TESOUREIRO 2","og_url":"https:\/\/www.aocbmma.com.br\/index.php\/institucional\/diretorias\/","og_site_name":"AOCBMMA | Associa\u00e7\u00e3o dos Oficiais do Corpo de Bombeiros Militar do Maranh\u00e3o","article_publisher":"https:\/\/www.facebook.com\/cobm.ma","article_modified_time":"2022-02-03T22:23:10+00:00","og_image":[{"url":"https:\/\/www.aocbmma.com.br\/wp-content\/uploads\/2022\/02\/major-lisboa-249x300.jpg","type":"","width":"","height":""}],"twitter_card":"summary_large_image","schema":{"@context":"https:\/\/schema.org","@graph":[{"@type":"WebPage","@id":"https:\/\/www.aocbmma.com.br\/index.php\/institucional\/diretorias\/","url":"https:\/\/www.aocbmma.com.br\/index.php\/institucional\/diretorias\/","name":"Diretorias | AOCBMMA | Associa\u00e7\u00e3o dos Oficiais do Corpo de Bombeiros Militar do Maranh\u00e3o","isPartOf":{"@id":"https:\/\/www.aocbmma.com.br\/#website"},"primaryImageOfPage":{"@id":"https:\/\/www.aocbmma.com.br\/index.php\/institucional\/diretorias\/#primaryimage"},"image":{"@id":"https:\/\/www.aocbmma.com.br\/index.php\/institucional\/diretorias\/#primaryimage"},"thumbnailUrl":"https:\/\/www.aocbmma.com.br\/wp-content\/uploads\/2022\/02\/major-lisboa-249x300.jpg","datePublished":"2019-04-28T15:13:16+00:00","dateModified":"2022-02-03T22:23:10+00:00","breadcrumb":{"@id":"https:\/\/www.aocbmma.com.br\/index.php\/institucional\/diretorias\/#breadcrumb"},"inLanguage":"pt-BR","potentialAction":[{"@type":"ReadAction","target":["https:\/\/www.aocbmma.com.br\/index.php\/institucional\/diretorias\/"]}]},{"@type":"ImageObject","inLanguage":"pt-BR","@id":"https:\/\/www.aocbmma.com.br\/index.php\/institucional\/diretorias\/#primaryimage","url":"https:\/\/www.aocbmma.com.br\/wp-content\/uploads\/2022\/02\/major-lisboa.jpg","contentUrl":"https:\/\/www.aocbmma.com.br\/wp-content\/uploads\/2022\/02\/major-lisboa.jpg","width":630,"height":758},{"@type":"BreadcrumbList","@id":"https:\/\/www.aocbmma.com.br\/index.php\/institucional\/diretorias\/#breadcrumb","itemListElement":[{"@type":"ListItem","position":1,"name":"In\u00edcio","item":"https:\/\/www.aocbmma.com.br\/"},{"@type":"ListItem","position":2,"name":"Institucional","item":"https:\/\/www.aocbmma.com.br\/index.php\/institucional\/"},{"@type":"ListItem","position":3,"name":"Diretorias"}]},{"@type":"WebSite","@id":"https:\/\/www.aocbmma.com.br\/#website","url":"https:\/\/www.aocbmma.com.br\/","name":"AOCBMMA","description":"","publisher":{"@id":"https:\/\/www.aocbmma.com.br\/#organization"},"potentialAction":[{"@type":"SearchAction","target":{"@type":"EntryPoint","urlTemplate":"https:\/\/www.aocbmma.com.br\/?s={search_term_string}"},"query-input":{"@type":"PropertyValueSpecification","valueRequired":true,"valueName":"search_term_string"}}],"inLanguage":"pt-BR"},{"@type":"Organization","@id":"https:\/\/www.aocbmma.com.br\/#organization","name":"Associa\u00e7\u00e3o dos Oficiais do Corpo de Bombeiros Militar do Maranh\u00e3o","url":"https:\/\/www.aocbmma.com.br\/","logo":{"@type":"ImageObject","inLanguage":"pt-BR","@id":"https:\/\/www.aocbmma.com.br\/#\/schema\/logo\/image\/","url":"https:\/\/www.aocbmma.com.br\/wp-content\/uploads\/2019\/05\/brasao-grande.png","contentUrl":"https:\/\/www.aocbmma.com.br\/wp-content\/uploads\/2019\/05\/brasao-grande.png","width":1154,"height":1155,"caption":"Associa\u00e7\u00e3o dos Oficiais do Corpo de Bombeiros Militar do Maranh\u00e3o"},"image":{"@id":"https:\/\/www.aocbmma.com.br\/#\/schema\/logo\/image\/"},"sameAs":["https:\/\/www.facebook.com\/cobm.ma"]}]}},"_links":{"self":[{"href":"https:\/\/www.aocbmma.com.br\/index.php\/wp-json\/wp\/v2\/pages\/106","targetHints":{"allow":["GET"]}}],"collection":[{"href":"https:\/\/www.aocbmma.com.br\/index.php\/wp-json\/wp\/v2\/pages"}],"about":[{"href":"https:\/\/www.aocbmma.com.br\/index.php\/wp-json\/wp\/v2\/types\/page"}],"author":[{"embeddable":true,"href":"https:\/\/www.aocbmma.com.br\/index.php\/wp-json\/wp\/v2\/users\/1"}],"replies":[{"embeddable":true,"href":"https:\/\/www.aocbmma.com.br\/index.php\/wp-json\/wp\/v2\/comments?post=106"}],"version-history":[{"count":26,"href":"https:\/\/www.aocbmma.com.br\/index.php\/wp-json\/wp\/v2\/pages\/106\/revisions"}],"predecessor-version":[{"id":705,"href":"https:\/\/www.aocbmma.com.br\/index.php\/wp-json\/wp\/v2\/pages\/106\/revisions\/705"}],"up":[{"embeddable":true,"href":"https:\/\/www.aocbmma.com.br\/index.php\/wp-json\/wp\/v2\/pages\/66"}],"wp:attachment":[{"href":"https:\/\/www.aocbmma.com.br\/index.php\/wp-json\/wp\/v2\/media?parent=106"}],"curies":[{"name":"wp","href":"https:\/\/api.w.org\/{rel}","templated":true}]}}